{"id":8,"date":"2020-04-29T06:23:10","date_gmt":"2020-04-29T06:23:10","guid":{"rendered":"http:\/\/209.133.222.162\/~iprobyqc\/?page_id=8"},"modified":"2025-11-14T13:53:46","modified_gmt":"2025-11-14T16:53:46","slug":"institucional","status":"publish","type":"page","link":"https:\/\/www.iprobyq-conicet.gob.ar\/en\/institucional\/","title":{"rendered":"Institutional"},"content":{"rendered":"<p>[et_pb_section fb_built=&#8221;1&#8243; _builder_version=&#8221;4.16&#8243; use_background_color_gradient=&#8221;on&#8221; background_color_gradient_stops=&#8221;rgba(26,146,220,0.69) 0%|rgba(26,146,220,0.69) 100%&#8221; background_color_gradient_overlays_image=&#8221;on&#8221; background_color_gradient_start=&#8221;rgba(26,146,220,0.69)&#8221; background_color_gradient_end=&#8221;rgba(26,146,220,0.69)&#8221; background_image=&#8221;https:\/\/www.iprobyq-conicet.gob.ar\/wp-content\/uploads\/2020\/07\/banner-home-2.jpg&#8221; custom_padding=&#8221;120px||110px||false|false&#8221; global_module=&#8221;173&#8243; saved_tabs=&#8221;all&#8221; locked=&#8221;off&#8221; collapsed=&#8221;off&#8221; global_colors_info=&#8221;{}&#8221;][et_pb_row column_structure=&#8221;3_4,1_4&#8243; _builder_version=&#8221;4.16&#8243; width=&#8221;83%&#8221; max_width=&#8221;83%&#8221; global_colors_info=&#8221;{}&#8221;][et_pb_column type=&#8221;3_4&#8243; _builder_version=&#8221;4.16&#8243; global_colors_info=&#8221;{}&#8221;][et_pb_text _builder_version=&#8221;4.26.1&#8243; _dynamic_attributes=&#8221;content&#8221; header_2_font=&#8221;Roboto Condensed|600||on|||||&#8221; header_2_text_color=&#8221;#ffffff&#8221; header_2_font_size=&#8221;45px&#8221; header_2_letter_spacing=&#8221;1px&#8221; global_colors_info=&#8221;{}&#8221;]@ET-DC@eyJkeW5hbWljIjp0cnVlLCJjb250ZW50IjoicG9zdF90aXRsZSIsInNldHRpbmdzIjp7ImJlZm9yZSI6IjxoMj4iLCJhZnRlciI6IjwvaDI+In19@[\/et_pb_text][\/et_pb_column][et_pb_column type=&#8221;1_4&#8243; _builder_version=&#8221;4.16&#8243; global_colors_info=&#8221;{}&#8221;][et_pb_image src=&#8221;https:\/\/www.iprobyq-conicet.gob.ar\/wp-content\/uploads\/2020\/05\/logo-banner-2.fw_.png&#8221; align=&#8221;right&#8221; _builder_version=&#8221;4.16&#8243; width=&#8221;67%&#8221; max_width=&#8221;67%&#8221; custom_margin=&#8221;-6px||||false|false&#8221; global_colors_info=&#8221;{}&#8221;][\/et_pb_image][\/et_pb_column][\/et_pb_row][\/et_pb_section][et_pb_section fb_built=&#8221;1&#8243; admin_label=&#8221;section&#8221; _builder_version=&#8221;4.16&#8243; global_colors_info=&#8221;{}&#8221;][et_pb_row admin_label=&#8221;row&#8221; _builder_version=&#8221;4.16&#8243; background_size=&#8221;initial&#8221; background_position=&#8221;top_left&#8221; background_repeat=&#8221;repeat&#8221; width=&#8221;83%&#8221; max_width=&#8221;83%&#8221; global_colors_info=&#8221;{}&#8221;][et_pb_column type=&#8221;4_4&#8243; _builder_version=&#8221;4.16&#8243; custom_padding=&#8221;|||&#8221; global_colors_info=&#8221;{}&#8221; custom_padding__hover=&#8221;|||&#8221;][et_pb_tabs active_tab_text_color=&#8221;#000000&#8243; _builder_version=&#8221;4.16&#8243; body_font=&#8221;|300|||||||&#8221; body_text_align=&#8221;justify&#8221; tab_font=&#8221;Roboto Condensed||||||||&#8221; tab_font_size=&#8221;18px&#8221; tab_line_height=&#8221;2.5em&#8221; custom_padding=&#8221;||||true|true&#8221; border_width_top=&#8221;5px&#8221; border_color_top=&#8221;#000000&#8243; global_colors_info=&#8221;{}&#8221;][et_pb_tab title=&#8221;Acerca del instituto&#8221; _builder_version=&#8221;4.16&#8243; global_colors_info=&#8221;{}&#8221;]<\/p>\n<p align=\"justify\"><span><span style=\"color: #888888;\"><span style=\"font-family: Roboto Condensed, Helvetica, Arial, Lucida, sans-serif;\"><span style=\"font-size: medium;\">El\u00a0<\/span><\/span><\/span><\/span><span><span style=\"color: #888888;\"><span style=\"font-family: Roboto Condensed, Helvetica, Arial, Lucida, sans-serif;\"><span style=\"font-size: medium;\"><b><strong>IPROByQ<\/strong><\/b><\/span><\/span><\/span><\/span><span><span style=\"color: #888888;\"><span style=\"font-family: Roboto Condensed, Helvetica, Arial, Lucida, sans-serif;\"><span style=\"font-size: medium;\">\u00a0es una instituci\u00f3n formada por profesionales de distintas disciplinas que utilizan conocimientos cient\u00edficos para desarrollar tecnolog\u00edas de impacto socio-econ\u00f3mico medible. Desde su fundaci\u00f3n en 2014, el instituto ha enfocado sus esfuerzos en el desarrollo y transferencia de procesos qu\u00edmicos y biotecnol\u00f3gicos, que en forma directa o por medio de sus productos reemplacen procesos industriales que contaminan el medio ambiente. En todos los casos, se busca que las tecnolog\u00edas desarrolladas incrementen adem\u00e1s la productividad de los procesos obsoletos, a fin de favorecer su r\u00e1pida adopci\u00f3n por parte del sector industrial.<\/span><\/span><\/span><\/span><\/p>\n<p align=\"justify\"><span><span style=\"color: #888888;\"><span style=\"font-family: Roboto Condensed, Helvetica, Arial, Lucida, sans-serif;\"><span style=\"font-size: medium;\">El\u00a0<\/span><\/span><\/span><\/span><span><span style=\"color: #888888;\"><span style=\"font-family: Roboto Condensed, Helvetica, Arial, Lucida, sans-serif;\"><span style=\"font-size: medium;\"><b><strong>IPROByQ<\/strong><\/b><\/span><\/span><\/span><\/span><span><span style=\"color: #888888;\"><span style=\"font-family: Roboto Condensed, Helvetica, Arial, Lucida, sans-serif;\"><span style=\"font-size: medium;\">\u00a0es un instituto de doble dependencia,\u00a0<\/span><\/span><\/span><\/span><span><span style=\"color: #888888;\"><span style=\"font-family: Roboto Condensed, Helvetica, Arial, Lucida, sans-serif;\"><span style=\"font-size: medium;\"><b><strong>UNR<\/strong><\/b><\/span><\/span><\/span><\/span><span><span style=\"color: #888888;\"><span style=\"font-family: Roboto Condensed, Helvetica, Arial, Lucida, sans-serif;\"><span style=\"font-size: medium;\">\u00a0y\u00a0<\/span><\/span><\/span><\/span><span><span style=\"color: #888888;\"><span style=\"font-family: Roboto Condensed, Helvetica, Arial, Lucida, sans-serif;\"><span style=\"font-size: medium;\"><b><strong>CONICET<\/strong><\/b><\/span><\/span><\/span><\/span><span><span style=\"color: #888888;\"><span style=\"font-family: Roboto Condensed, Helvetica, Arial, Lucida, sans-serif;\"><span style=\"font-size: medium;\">, ubicado en Mitre 1998. Sus profesionales dedican gran parte de su tiempo a formar tecn\u00f3logos con una visi\u00f3n integral, que enfoquen sus esfuerzos en aquellos proyectos capaces de generar el mayor impacto en el sector productivo. Adem\u00e1s de la formaci\u00f3n t\u00e9cnica espec\u00edfica, el instituto ha iniciado programas de formaci\u00f3n de sus becarios en \u00e1reas de an\u00e1lisis de propiedad intelectual, gerenciamiento de proyectos, an\u00e1lisis de negocios y de aspectos regulatorios. El objetivo prioritario es formar recursos humanos con capacidades de generar nuevas empresas o se integren en empresas existentes y contribuyan con sus conocimientos a incrementar la competitividad de la industria nacional y la creaci\u00f3n de empleos.<\/span><\/span><\/span><\/span><\/p>\n<p align=\"justify\"><span><span style=\"color: #888888;\"><span style=\"font-family: Roboto Condensed, Helvetica, Arial, Lucida, sans-serif;\"><span style=\"font-size: medium;\">Adem\u00e1s de sus logros acad\u00e9micos, en pocos a\u00f1os, los profesionales de\u00a0<\/span><\/span><\/span><\/span><span><span style=\"color: #888888;\"><span style=\"font-family: Roboto Condensed, Helvetica, Arial, Lucida, sans-serif;\"><span style=\"font-size: medium;\"><b><strong>IPROByQ<\/strong><\/b><\/span><\/span><\/span><\/span><span><span style=\"color: #888888;\"><span style=\"font-family: Roboto Condensed, Helvetica, Arial, Lucida, sans-serif;\"><span style=\"font-size: medium;\">\u00a0han generado un importante impacto socio-econ\u00f3mico formando un gran numero de empresas de base tecnol\u00f3gica (EBTs), algunas de ellas obteniendo patentes internacionales. Las EBTs formadas por\u00a0<\/span><\/span><\/span><\/span><span><span style=\"color: #888888;\"><span style=\"font-family: Roboto Condensed, Helvetica, Arial, Lucida, sans-serif;\"><span style=\"font-size: medium;\"><b><strong>IPROByQ<\/strong><\/b><\/span><\/span><\/span><\/span><span><span style=\"color: #888888;\"><span style=\"font-family: Roboto Condensed, Helvetica, Arial, Lucida, sans-serif;\"><span style=\"font-size: medium;\">\u00a0han logrado que empresas nacionales y capitales extranjeros inviertan importantes sumas en Argentina.<\/span><\/span><\/span><\/span><\/p>\n<p>&nbsp;<\/p>\n<p>[\/et_pb_tab][et_pb_tab title=&#8221;Autoridades&#8221; _builder_version=&#8221;4.16&#8243; global_colors_info=&#8221;{}&#8221;]<\/p>\n<p><strong>DIRECTOR:<\/strong><br \/>Dr. Hugo Menzella<\/p>\n<p><strong>VICEDIRECTORA:<\/strong><br \/>Dra. Diana Romanini<\/p>\n<p><strong>CONSEJO DIRECTIVO:<\/strong><br \/>Lic. Anselmi, Pablo<br \/>Dr. Boschetti, Carlos<br \/>Dra. Paoletti, Luciana<br \/>Dra. Pellegrini Malpiedi, Luciana<br \/>Dra. Rodr\u00edguez, Fernanda<\/p>\n<p>[\/et_pb_tab][et_pb_tab title=&#8221;Personal&#8221; _builder_version=&#8221;4.16&#8243; inline_fonts=&#8221;ABeeZee&#8221; global_colors_info=&#8221;{}&#8221;]<\/p>\n<h4><span style=\"font-family: inherit; font-weight: normal;\">Miembros del Instituto:<\/span><\/h4>\n<p><span style=\"font-family: inherit; font-weight: normal;\"><a href=\"https:\/\/www.conicet.gov.ar\/new_scp\/detalle.php?id=32305&amp;keywords=azcarate&amp;datos_academicos=yes\" target=\"_blank\" rel=\"noopener noreferrer\">Azcarate, Federico<\/a> (Profesional Adjunto)<\/span><br \/><span style=\"font-family: inherit; font-weight: normal;\"><a href=\"https:\/\/www.conicet.gov.ar\/new_scp\/detalle.php?id=62002&amp;keywords=&amp;datos_academicos=yes\" target=\"_blank\" rel=\"noopener noreferrer\">Benedetti, Gonzalo<\/a> (Becario Doctoral)<\/span><br \/><span style=\"font-family: inherit; font-weight: normal;\"><a href=\"https:\/\/www.conicet.gov.ar\/new_scp\/detalle.php?id=44134&amp;keywords=bertoni+fernando&amp;datos_academicos=yes\" target=\"_blank\" rel=\"noopener noreferrer\">Bertoni, Fernando Ariel<\/a> (Investigador)<\/span><br \/><span style=\"font-family: inherit; font-weight: normal;\"><a href=\"https:\/\/www.conicet.gov.ar\/new_scp\/detalle.php?id=21244&amp;keywords=boschetti&amp;datos_academicos=yes\" target=\"_blank\" rel=\"noopener noreferrer\">Boschetti, Carlos<\/a> (Investigador Independiente)<\/span><br \/><span style=\"font-family: inherit; font-weight: normal;\"><a>Cintia Pin<\/a> (CONICET)<\/span><br \/><span style=\"font-family: inherit; font-weight: normal;\"><a href=\"https:\/\/www.conicet.gov.ar\/new_scp\/detalle.php?id=38554&amp;keywords=clementz&amp;datos_academicos=yes\" target=\"_blank\" rel=\"noopener noreferrer\">Clementz, Adriana Laura<\/a> (Investigador Asistente)<\/span><br \/><span style=\"font-family: inherit; font-weight: normal;\"><a href=\"https:\/\/www.conicet.gov.ar\/new_scp\/detalle.php?id=67755&amp;datos_academicos=yes&amp;keywords=\" target=\"_blank\" rel=\"noopener noreferrer\">Emanuel Bonansea<\/a> (T\u00e9cnico Asistente)<\/span><br \/><span style=\"font-family: inherit; font-weight: normal;\"><a href=\"https:\/\/www.conicet.gov.ar\/new_scp\/detalle.php?id=29440&amp;keywords=Mart%C3%ADn%2BMartin%2Bespariz&amp;datos_academicos=yes\" target=\"_blank\" rel=\"noopener noreferrer\">Espariz, Mart\u00edn<\/a> (Investigador Independiente)<\/span><br \/><span style=\"font-family: inherit; font-weight: normal;\"><a href=\"https:\/\/www.conicet.gov.ar\/new_scp\/detalle.php?id=66835&amp;datos_academicos=yes&amp;keywords=\" target=\"_blank\" rel=\"noopener noreferrer\">Figueroa Sol<\/a> (Becario Doctoral)<\/span><br \/><span style=\"font-family: inherit; font-weight: normal;\"><a href=\"https:\/\/www.conicet.gov.ar\/new_scp\/detalle.php?id=28975&amp;keywords=giordano+enrique&amp;datos_academicos=yes\" target=\"_blank\" rel=\"noopener noreferrer\">Giordano, David<\/a> (Investigador Asistente)<\/span><br \/><span style=\"font-family: inherit; font-weight: normal;\"><a href=\"https:\/\/www.conicet.gov.ar\/new_scp\/detalle.php?id=27656&amp;datos_academicos=yes&amp;keywords=\" target=\"_blank\" rel=\"noopener noreferrer\">Giro, Mariana<\/a> (Profesional Adjunto)<\/span><br \/><span style=\"font-family: inherit; font-weight: normal;\"><a href=\"https:\/\/www.conicet.gov.ar\/new_scp\/detalle.php?id=55979&amp;keywords=guerra+laureana&amp;datos_academicos=yes\" target=\"_blank\" rel=\"noopener noreferrer\">Guerra, Laureana<\/a> (Becario Doctoral)<\/span><br \/><span style=\"font-family: inherit; font-weight: normal;\"><a href=\"https:\/\/www.conicet.gov.ar\/new_scp\/detalle.php?id=52643&amp;keywords=haidar&amp;datos_academicos=yes\" target=\"_blank\" rel=\"noopener noreferrer\">Haidar, Carla Nahir<\/a> (Becario Doctoral)<\/span><br \/><span style=\"font-family: inherit; font-weight: normal;\"><a href=\"https:\/\/www.conicet.gov.ar\/new_scp\/detalle.php?id=56068&amp;datos_academicos=yes\" target=\"_blank\" rel=\"noopener noreferrer\">Lacava, Franco<\/a> (Becario Doctoral)<\/span><br \/><span style=\"font-family: inherit; font-weight: normal;\"><a>Luz Maria Dacharry<\/a> (CONICET)<\/span><br \/><span style=\"font-family: inherit; font-weight: normal;\"><a href=\"https:\/\/www.conicet.gov.ar\/new_scp\/detalle.php?id=28667&amp;keywords=mEINI&amp;datos_academicos=yes\" target=\"_blank\" rel=\"noopener noreferrer\">Meini, Rocio<\/a> (Investigador Asistente)<\/span><br \/><span style=\"font-family: inherit; font-weight: normal;\"><a href=\"https:\/\/www.conicet.gov.ar\/new_scp\/detalle.php?id=28359&amp;keywords=Menzella&amp;datos_academicos=yes\" target=\"_blank\" rel=\"noopener noreferrer\">Menzella, Hugo Gabriel<\/a> (Investigador Principal)<\/span><br \/><span style=\"font-family: inherit; font-weight: normal;\"><a>Nicolas Casals<\/a> (CONICET)<\/span><br \/><span style=\"font-family: inherit; font-weight: normal;\"><a href=\"https:\/\/www.conicet.gov.ar\/new_scp\/detalle.php?id=29481&amp;keywords=paoletti+luciana&amp;datos_academicos=yes\" target=\"_blank\" rel=\"noopener noreferrer\">Paoletti, Luciana<\/a> (Investigador Adjunto)<\/span><br \/><span style=\"font-family: inherit; font-weight: normal;\"><a href=\"https:\/\/www.conicet.gov.ar\/new_scp\/detalle.php?id=62965&amp;datos_academicos=yes&amp;keywords=\" target=\"_blank\" rel=\"noopener noreferrer\">Petitti, Tomas<\/a> (Becario Doctoral)<\/span><br \/><span style=\"font-family: inherit; font-weight: normal;\"><a href=\"https:\/\/www.conicet.gov.ar\/new_scp\/detalle.php?keywords=&amp;id=64035&amp;datos_academicos=yes\" target=\"_blank\" rel=\"noopener noreferrer\">Piazza, Dana Magdalena<\/a> (Becario Doctoral)<\/span><br \/><span style=\"font-family: inherit; font-weight: normal;\"><a>Pilar Fernandez<\/a> (CONICET)<\/span><br \/><span style=\"font-family: inherit; font-weight: normal;\"><a href=\"https:\/\/www.conicet.gov.ar\/new_scp\/detalle.php?id=64512&amp;keywords=ponce%2Ble%C3%B3n%2Bleon%2Bcamila&amp;datos_academicos=yes\" target=\"_blank\" rel=\"noopener noreferrer\">Ponce de Leon, Camila<\/a> (Becario Doctoral)<\/span><br \/><span style=\"font-family: inherit; font-weight: normal;\"><a href=\"https:\/\/www.conicet.gov.ar\/new_scp\/detalle.php?id=31367&amp;keywords=romanini&amp;datos_academicos=yes\" target=\"_blank\" rel=\"noopener noreferrer\">Romanini, Diana<\/a> (Investigador Independiente)<\/span><br \/><span style=\"font-family: inherit; font-weight: normal;\"><a href=\"https:\/\/www.conicet.gov.ar\/new_scp\/detalle.php?id=23765&amp;datos_academicos=yes\" target=\"_blank\" rel=\"noopener noreferrer\">Scarpeci, Telma Eleonora<\/a> (Investigador Adjunto)<\/span><br \/><span style=\"font-family: inherit; font-weight: normal;\"><a href=\"https:\/\/www.conicet.gov.ar\/new_scp\/detalle.php?id=56205&amp;datos_academicos=yes\" target=\"_blank\" rel=\"noopener noreferrer\">Subils, Tom\u00e1s<\/a> (Investigador Asistente)<\/span><br \/><span style=\"font-family: inherit; font-weight: normal;\"><a href=\"https:\/\/www.conicet.gov.ar\/new_scp\/detalle.php?id=53446&amp;keywords=taddia&amp;datos_academicos=yes\" target=\"_blank\" rel=\"noopener noreferrer\">Taddia, Antonela<\/a> (Profesional Adjunto)<\/span><br \/><span style=\"font-family: inherit; font-weight: normal;\"><a href=\"https:\/\/www.conicet.gov.ar\/new_scp\/detalle.php?id=56884&amp;keywords=willa&amp;datos_academicos=yes\" target=\"_blank\" rel=\"noopener noreferrer\">Willa, Lorena<\/a> (T\u00e9cnica Asistente)<\/span><\/p>\n<p>[\/et_pb_tab][et_pb_tab title=&#8221;D\u00f3nde Estamos&#8221; _builder_version=&#8221;4.16&#8243; global_colors_info=&#8221;{}&#8221;]<\/p>\n<p><iframe loading=\"lazy\" src=\"https:\/\/www.google.com\/maps\/embed?pb=!1m14!1m8!1m3!1d13393.756184640895!2d-60.6637592!3d-32.939416!3m2!1i1024!2i768!4f13.1!3m3!1m2!1s0x0%3A0x4f6ed07b95f8ec9e!2sIPROByQ!5e0!3m2!1ses-419!2sar!4v1598932455660!5m2!1ses-419!2sar\" width=\"100%\" height=\"450\" frameborder=\"0\" style=\"border: 0;\" allowfullscreen=\"\" aria-hidden=\"false\" tabindex=\"0\"><\/iframe><\/p>\n<p>Actualmente el Instituto se encuentra ubicado en Mitre 1998, Rosario, Santa Fe, Argentina..<\/p>\n<p>[\/et_pb_tab][\/et_pb_tabs][\/et_pb_column][\/et_pb_row][\/et_pb_section]<\/p>\n","protected":false},"excerpt":{"rendered":"<p>El\u00a0IPROByQ\u00a0es una instituci\u00f3n formada por profesionales de distintas disciplinas que utilizan conocimientos cient\u00edficos para desarrollar tecnolog\u00edas de impacto socio-econ\u00f3mico medible. Desde su fundaci\u00f3n en 2014, el instituto ha enfocado sus esfuerzos en el desarrollo y transferencia de procesos qu\u00edmicos y biotecnol\u00f3gicos, que en forma directa o por medio de sus productos reemplacen procesos industriales que [&hellip;]<\/p>\n","protected":false},"author":1,"featured_media":0,"parent":0,"menu_order":0,"comment_status":"closed","ping_status":"closed","template":"","meta":{"_et_pb_use_builder":"on","_et_pb_old_content":"<!-- wp:divi\/placeholder \/-->","_et_gb_content_width":"","footnotes":""},"class_list":["post-8","page","type-page","status-publish","hentry"],"_links":{"self":[{"href":"https:\/\/www.iprobyq-conicet.gob.ar\/en\/wp-json\/wp\/v2\/pages\/8","targetHints":{"allow":["GET"]}}],"collection":[{"href":"https:\/\/www.iprobyq-conicet.gob.ar\/en\/wp-json\/wp\/v2\/pages"}],"about":[{"href":"https:\/\/www.iprobyq-conicet.gob.ar\/en\/wp-json\/wp\/v2\/types\/page"}],"author":[{"embeddable":true,"href":"https:\/\/www.iprobyq-conicet.gob.ar\/en\/wp-json\/wp\/v2\/users\/1"}],"replies":[{"embeddable":true,"href":"https:\/\/www.iprobyq-conicet.gob.ar\/en\/wp-json\/wp\/v2\/comments?post=8"}],"version-history":[{"count":40,"href":"https:\/\/www.iprobyq-conicet.gob.ar\/en\/wp-json\/wp\/v2\/pages\/8\/revisions"}],"predecessor-version":[{"id":1047,"href":"https:\/\/www.iprobyq-conicet.gob.ar\/en\/wp-json\/wp\/v2\/pages\/8\/revisions\/1047"}],"wp:attachment":[{"href":"https:\/\/www.iprobyq-conicet.gob.ar\/en\/wp-json\/wp\/v2\/media?parent=8"}],"curies":[{"name":"wp","href":"https:\/\/api.w.org\/{rel}","templated":true}]}}